{"id":3231,"date":"2020-10-22T14:05:40","date_gmt":"2020-10-22T18:05:40","guid":{"rendered":"https:\/\/mondep.com\/efpc\/?page_id=3231"},"modified":"2021-01-25T12:47:02","modified_gmt":"2021-01-25T17:47:02","slug":"aide-financiere-aux-etudes","status":"publish","type":"page","link":"https:\/\/mondep.com\/efpc\/aide-financiere-aux-etudes\/","title":{"rendered":"Aide financi\u00e8re aux \u00e9tudes"},"content":{"rendered":"<p>\r\n<section class=\"sh-section sh-section-ef70af30f826cc602135dfbbf4e653ef fw-main-row sh-section-visibility-everywhere\">\r\n\t\r\n\t\r\n\t<div class=\"sh-section-container container\">\r\n\t\t<div class=\"fw-row\">\n\t\r\n<div class=\"sh-column sh-column-7ee7d785bcf333aa82a9cd3dbad40f96 fw-col-xs-12\" >\r\n\r\n\t\r\n\t<div class=\"sh-column-wrapper\">\r\n\t\t\r\n\r\n\t<div class=\"sh-heading sh-heading-style1\" id=\"heading-84fb4529fc830bc11859d890a85d74da\">\r\n\t\t<h1 class=\"sh-heading-content size-xs\">\r\n\t\t\t<span style=\"text-align: center;\">AIDE FINANCI\u00c8RE<\/span>\t\t<\/h1>\r\n\t<\/div>\r\n\r\n\r\n<div class=\"sh-empty-space\" id=\"empty-space-b182d15c015ee174bb4a11fd917574fb\"><\/div>\r\n\r\n\r\n\t<div class=\"sh-heading sh-heading-style1\" id=\"heading-84bcd9aa95b58980ddf98defca400340\">\r\n\t\t<h1 class=\"sh-heading-content size-xl\">\r\n\t\t\t<span style=\"text-align: center;\">Pr\u00e9sentation du programme d'aide<\/span>\t\t<\/h1>\r\n\t<\/div>\r\n\r\n\r\n<div class=\"sh-empty-space\" id=\"empty-space-c10ace2e8be78c178aba5d5b56313b48\"><\/div>\r\n\r\n<div id=\"text-block-f22afedc415aa024af135ca58c6ad2a3\" class=\"sh-text-block\">\r\n\t<p style=\"text-align: center;\">L\u2019objectif du programme d\u2019aide financi\u00e8re aux \u00e9tudes du minist\u00e8re de l\u2019\u00c9ducation du Qu\u00e9bec est de rendre accessibles les \u00e9tudes aux \u00e9l\u00e8ves d\u00e9sireux de les poursuivre, mais dont les ressources financi\u00e8res sont insuffisantes.<\/p><p style=\"text-align: center;\">\u00c0 cette fin, le gouvernement offre une aide financi\u00e8re qui tient compte des d\u00e9penses normalement encourues par l\u2019\u00e9l\u00e8ve pour poursuivre ses \u00e9tudes et des ressources financi\u00e8res dont il dispose.<\/p><p style=\"text-align: center;\">Ce programme est \u00e0 caract\u00e8re contributif, ce qui signifie que l\u2019\u00e9l\u00e8ve et, s\u2019il y a lieu, ses parents, sa conjointe ou son conjoint ou sa r\u00e9pondante ou son r\u00e9pondant sont les premiers responsables du financement de ses \u00e9tudes.<\/p><p style=\"text-align: center;\">Le pr\u00eat accord\u00e9 est garanti par le gouvernement. Tant que l\u2019\u00e9l\u00e8ve est aux \u00e9tudes \u00e0 temps plein, le gouvernement paie les int\u00e9r\u00eats dus \u00e0 l\u2019\u00e9tablissement financier pr\u00eateur. La bourse n\u2019a pas \u00e0 \u00eatre rembours\u00e9e par l\u2019\u00e9l\u00e8ve.<\/p><\/div>\r\n\t<\/div>\r\n\r\n\r\n\t\t\r\n\r\n<\/div>\r\n<\/div>\n\n\t<\/div>\r\n<\/section>\r\n\r\n<section class=\"sh-section sh-section-cf803ba4a14d87fe6666581485e0f377 fw-main-row sh-section-visibility-everywhere\">\r\n\t\r\n\t\r\n\t<div class=\"sh-section-container container-fluid section-justify-height\">\r\n\t\t<div class=\"fw-row\">\n\t\r\n<div class=\"sh-column sh-column-448f9a015f09819328d3c396a8563814 fw-col-xs-12 fw-col-sm-6 sh-column-mobile-padding\" >\r\n\r\n\t\r\n\t<div class=\"sh-column-wrapper\">\r\n\t\t\r\n\r\n\t<div class=\"sh-heading sh-heading-style1\" id=\"heading-03ccade133724c0eaface26a430313a4\">\r\n\t\t<h1 class=\"sh-heading-content size-xs\">\r\n\t\t\t<span style=\"text-align: center;\">DEMANDE D'AIDE FINANCI\u00c8RE<\/span>\t\t<\/h1>\r\n\t<\/div>\r\n\r\n\r\n<div class=\"sh-empty-space\" id=\"empty-space-d6dab3b2d07b064f6015abb3a59ac013\"><\/div>\r\n\r\n\r\n\t<div class=\"sh-heading sh-heading-style1\" id=\"heading-928d347d09d89ea5ad195bd298d99bc4\">\r\n\t\t<h1 class=\"sh-heading-content size-xl\">\r\n\t\t\t<span style=\"text-align: center;\">Proc\u00e9dures<\/span>\t\t<\/h1>\r\n\t<\/div>\r\n\r\n\t<\/div>\r\n\r\n\r\n\t\t\r\n\r\n<\/div>\r\n\r\n<div class=\"sh-column sh-column-4c777841c2cf4524d5f6c274a48a929e fw-col-xs-12 fw-col-sm-6 sh-column-mobile-padding\" >\r\n\r\n\t\r\n\t<div class=\"sh-column-wrapper\">\r\n\t\t\r\n<div id=\"text-block-b7694f687b483d369a11083dace31e68\" class=\"sh-text-block\">\r\n\t<ul><li>L\u2019\u00e9l\u00e8ve compl\u00e8te sa demande d\u2019aide financi\u00e8re en ligne via le site Internet :\u00a0<a href=\"http:\/\/www.afe.gouv.qc.ca\/\" target=\"_blank\" rel=\"noopener\">afe.gouv.qc.ca<\/a><\/li><li>Il est possible de pr\u00e9senter une demande d\u2019aide financi\u00e8re en tout temps.<\/li><li>N\u2019h\u00e9sitez pas \u00e0 consulter la vid\u00e9o explicative qui d\u00e9crit la d\u00e9marche: <a href=\"http:\/\/www.afe.gouv.qc.ca\/videos-explicatives\/\" target=\"_blank\" rel=\"noopener\">afe.gouv.qc.ca\/videos-explicatives<\/a><\/li><li>Remplissez le formulaire Demande d\u2019aide financi\u00e8re<\/li><li>Consultez votre relev\u00e9 de calcul<\/li><li>Allez chercher votre certificat de garantie, s\u2019il y a lieu<\/li><li>Remplissez le formulaire Confirmation des ressources financi\u00e8res en septembre et en janvier<\/li><li>Remplissez le formulaire D\u00e9claration de changement, s\u2019il y a lieu<\/li><\/ul><\/div>\r\n\t<\/div>\r\n\r\n\r\n\t\t\r\n\r\n<\/div>\r\n<\/div>\n\n\t<\/div>\r\n<\/section>\r\n<\/p>\n","protected":false},"excerpt":{"rendered":"<p>AIDE FINANCI\u00c8RE Pr\u00e9sentation du programme d&rsquo;aide L\u2019objectif du programme d\u2019aide financi\u00e8re aux \u00e9tudes du minist\u00e8re de l\u2019\u00c9ducation du Qu\u00e9bec est de rendre accessibles les \u00e9tudes aux \u00e9l\u00e8ves d\u00e9sireux de les poursuivre, mais dont les ressources financi\u00e8res sont insuffisantes.\u00c0 cette fin, le gouvernement offre une aide&#8230;<\/p>\n","protected":false},"author":1,"featured_media":0,"parent":0,"menu_order":0,"comment_status":"closed","ping_status":"closed","template":"","meta":{"inline_featured_image":false,"_monsterinsights_skip_tracking":false,"_monsterinsights_sitenote_active":false,"_monsterinsights_sitenote_note":"","_monsterinsights_sitenote_category":0,"footnotes":""},"class_list":["post-3231","page","type-page","status-publish","hentry"],"_links":{"self":[{"href":"https:\/\/mondep.com\/efpc\/wp-json\/wp\/v2\/pages\/3231","targetHints":{"allow":["GET"]}}],"collection":[{"href":"https:\/\/mondep.com\/efpc\/wp-json\/wp\/v2\/pages"}],"about":[{"href":"https:\/\/mondep.com\/efpc\/wp-json\/wp\/v2\/types\/page"}],"author":[{"embeddable":true,"href":"https:\/\/mondep.com\/efpc\/wp-json\/wp\/v2\/users\/1"}],"replies":[{"embeddable":true,"href":"https:\/\/mondep.com\/efpc\/wp-json\/wp\/v2\/comments?post=3231"}],"version-history":[{"count":7,"href":"https:\/\/mondep.com\/efpc\/wp-json\/wp\/v2\/pages\/3231\/revisions"}],"predecessor-version":[{"id":3624,"href":"https:\/\/mondep.com\/efpc\/wp-json\/wp\/v2\/pages\/3231\/revisions\/3624"}],"wp:attachment":[{"href":"https:\/\/mondep.com\/efpc\/wp-json\/wp\/v2\/media?parent=3231"}],"curies":[{"name":"wp","href":"https:\/\/api.w.org\/{rel}","templated":true}]}}